{"id":217,"date":"2024-05-06T12:43:12","date_gmt":"2024-05-06T15:43:12","guid":{"rendered":"https:\/\/cpanel-rs-tqr-06.srx.net.br\/~ascbf\/asc\/?page_id=217"},"modified":"2024-05-06T12:46:04","modified_gmt":"2024-05-06T15:46:04","slug":"caps-ad-benedita-fernandes","status":"publish","type":"page","link":"https:\/\/ascbeneditafernandes.com.br\/asc\/servicos\/caps-ad-benedita-fernandes\/","title":{"rendered":"CAPS ad Benedita Fernandes"},"content":{"rendered":"\t\t<div data-elementor-type=\"wp-page\" data-elementor-id=\"217\" class=\"elementor elementor-217\" data-elementor-post-type=\"page\">\n\t\t\t\t<div data-particle_enable=\"false\" data-particle-mobile-disabled=\"false\" class=\"elementor-element elementor-element-de342dc e-grid e-con-boxed e-con e-parent\" data-id=\"de342dc\" data-element_type=\"container\" data-e-type=\"container\">\n\t\t\t\t\t<div class=\"e-con-inner\">\n\t\t\t\t<div class=\"elementor-element elementor-element-4f25a59 elementor-widget elementor-widget-spacer\" data-id=\"4f25a59\" data-element_type=\"widget\" data-e-type=\"widget\" data-widget_type=\"spacer.default\">\n\t\t\t\t<div class=\"elementor-widget-container\">\n\t\t\t\t\t\t\t<div class=\"elementor-spacer\">\n\t\t\t<div class=\"elementor-spacer-inner\"><\/div>\n\t\t<\/div>\n\t\t\t\t\t\t<\/div>\n\t\t\t\t<\/div>\n\t\t\t\t\t<\/div>\n\t\t\t\t<\/div>\n\t\t<div data-particle_enable=\"false\" data-particle-mobile-disabled=\"false\" class=\"elementor-element elementor-element-bd2ae4b e-flex e-con-boxed e-con e-parent\" data-id=\"bd2ae4b\" data-element_type=\"container\" data-e-type=\"container\">\n\t\t\t\t\t<div class=\"e-con-inner\">\n\t\t\t\t<div class=\"elementor-element elementor-element-c080126 elementor-align-left elementor-widget elementor-widget-breadcrumbs\" data-id=\"c080126\" data-element_type=\"widget\" data-e-type=\"widget\" data-widget_type=\"breadcrumbs.default\">\n\t\t\t\t<div class=\"elementor-widget-container\">\n\t\t\t\t\t<p id=\"breadcrumbs\"><span><span><a href=\"https:\/\/ascbeneditafernandes.com.br\/asc\/\">In\u00edcio<\/a><\/span><\/span><\/p>\t\t\t\t<\/div>\n\t\t\t\t<\/div>\n\t\t\t\t<div class=\"elementor-element elementor-element-e358dae elementor-widget-divider--view-line elementor-widget elementor-widget-divider\" data-id=\"e358dae\" data-element_type=\"widget\" data-e-type=\"widget\" data-widget_type=\"divider.default\">\n\t\t\t\t<div class=\"elementor-widget-container\">\n\t\t\t\t\t\t\t<div class=\"elementor-divider\">\n\t\t\t<span class=\"elementor-divider-separator\">\n\t\t\t\t\t\t<\/span>\n\t\t<\/div>\n\t\t\t\t\t\t<\/div>\n\t\t\t\t<\/div>\n\t\t\t\t<div class=\"elementor-element elementor-element-0e4bd4a elementor-widget elementor-widget-heading\" data-id=\"0e4bd4a\" data-element_type=\"widget\" data-e-type=\"widget\" data-widget_type=\"heading.default\">\n\t\t\t\t<div class=\"elementor-widget-container\">\n\t\t\t\t\t<h2 class=\"elementor-heading-title elementor-size-default\">CAPS ad Benedita Fernandes<\/h2>\t\t\t\t<\/div>\n\t\t\t\t<\/div>\n\t\t\t\t<div class=\"elementor-element elementor-element-96a1206 elementor-widget elementor-widget-text-editor\" data-id=\"96a1206\" data-element_type=\"widget\" data-e-type=\"widget\" data-widget_type=\"text-editor.default\">\n\t\t\t\t<div class=\"elementor-widget-container\">\n\t\t\t\t\t\t\t\t\t<p><img fetchpriority=\"high\" decoding=\"async\" class=\"wp-image-218 size-full aligncenter\" src=\"https:\/\/cpanel-rs-tqr-06.srx.net.br\/~ascbf\/asc\/wp-content\/uploads\/2024\/05\/capsad.jpg\" alt=\"\" width=\"800\" height=\"369\" srcset=\"https:\/\/ascbeneditafernandes.com.br\/asc\/wp-content\/uploads\/2024\/05\/capsad.jpg 800w, https:\/\/ascbeneditafernandes.com.br\/asc\/wp-content\/uploads\/2024\/05\/capsad-300x138.jpg 300w, https:\/\/ascbeneditafernandes.com.br\/asc\/wp-content\/uploads\/2024\/05\/capsad-768x354.jpg 768w\" sizes=\"(max-width: 800px) 100vw, 800px\" \/><\/p><div class=\"conteudo_servico_pagina\"><div class=\"sw_txteditor\"><div>\u00a0<\/div><p>O CAPs ad Benedita Fernandes tem como Administradora a Associa\u00e7\u00e3o das Senhoras Crist\u00e3s Benedita Fernandes, em parceria da Prefeitura Municipal de Ara\u00e7atuba, por meio da Secretaria Municipal de Sa\u00fade (SMSA).<\/p><p>Inaugurado em 28 de dezembro de 2009, \u00e9 um centro de refer\u00eancia para usu\u00e1rios de subst\u00e2ncias psicoativas. Funciona de segunda \u00e0 sexta-feira, das 7:00 \u00e0s 17:30 horas, com equipe multiprofissional e quinzenalmente na segunda-feira das 7:00 \u00e0s 20:00 horas .<\/p><p>As cidades atendidas pela Unidade, s\u00e3o aquelas que comp\u00f5e a Regi\u00e3o Central da DRS 2. S\u00e3o elas: Ara\u00e7atuba, Auriflama, Bento de Abreu, Bilac, Guararapes, Guzol\u00e2ndia, Nova Castilho, Nova Luzit\u00e2nia, Rubi\u00e1cea, Santo Ant\u00f4nio do Aracangu\u00e1 e Valparaiso.<\/p><p>Os usu\u00e1rios s\u00e3o acolhidos por equipe multiprofissional. \u00c9 realizado em conjunto o projeto terap\u00eautico singular, fundamental para vincula\u00e7\u00e3o do usu\u00e1rio. Quando ele sente que est\u00e1 sendo ouvido em seus interesses e demandas, sendo cuidado do jeito que \u00e9 e n\u00e3o alvo de julgamento ou \u201ctransforma\u00e7\u00e3o\u201d, o trabalho passa a fazer sentido para ele e, consequentemente, aumentam vigorosamente as chances dele se vincular ao servi\u00e7o, aderir ao processo de cuidar.<\/p><\/div><p>\u00a0<\/p><div class=\"sw_txteditor\"><p><strong><em>\u00a0ATIVIDADES PROPOSTAS<\/em><\/strong><\/p><p style=\"margin-left: 36.0pt;\">\u00b7\u00a0\u00a0\u00a0\u00a0\u00a0\u00a0\u00a0\u00a0 <strong>ATENDIMENTO CL\u00cdNICO<\/strong><\/p><p style=\"margin-left: 36.0pt;\">\u00b7\u00a0\u00a0\u00a0\u00a0\u00a0\u00a0\u00a0\u00a0 <strong>ATENDIMENTO PSIQUI\u00c1TRICO<\/strong><\/p><p style=\"margin-left: 36.0pt;\">\u00b7\u00a0\u00a0\u00a0\u00a0\u00a0\u00a0\u00a0\u00a0 <strong>ACOMPANHAMENTO MEDICAMENTOSO<\/strong><\/p><p style=\"margin-left: 36.0pt;\">\u00b7\u00a0\u00a0\u00a0\u00a0\u00a0\u00a0\u00a0\u00a0 <strong>ATENDIMENTO INDIVIDUAL<\/strong><\/p><p style=\"margin-left: 36.0pt;\">\u00b7\u00a0\u00a0\u00a0\u00a0\u00a0\u00a0\u00a0\u00a0 <strong>GRUPO TERAP\u00caUTICO<\/strong><\/p><p style=\"margin-left: 36.0pt;\">\u00b7\u00a0\u00a0\u00a0\u00a0\u00a0\u00a0\u00a0\u00a0 <strong>GRUPO DE FAM\u00cdLIA<\/strong><\/p><p style=\"margin-left: 36.0pt;\">\u00b7\u00a0\u00a0\u00a0\u00a0\u00a0\u00a0\u00a0\u00a0 <strong>GRUPO EDUCATIVO<\/strong><\/p><p style=\"margin-left: 36.0pt;\">\u00b7\u00a0\u00a0\u00a0\u00a0\u00a0\u00a0\u00a0\u00a0 <strong>FESTIVIDADES<\/strong><\/p><p style=\"margin-left: 36.0pt;\">\u00b7\u00a0\u00a0\u00a0\u00a0\u00a0\u00a0\u00a0\u00a0 <strong>OFICINAS TERAP\u00caUTIC<em>AS<\/em><\/strong><\/p><p><strong><em>CARACTER\u00cdSTICAS DO ATENDIMENTO DO CAPS AD II \u2013 BENEDITA FERNANDES<\/em><\/strong><\/p><p style=\"margin-left: 36.0pt;\">\u2022 \u00a0 \u00a0 N\u00e3o centralizamos o cuidado na droga ou diagn\u00f3stico.<\/p><p style=\"margin-left: 36.0pt;\">\u2022 \u00a0 \u00a0 O centro \u00e9 o sujeito, sua vida, seu sofrimento, sua capacidade de supera\u00e7\u00e3o.<\/p><p style=\"margin-left: 36.0pt;\">\u2022 \u00a0 \u00a0 Realizamos o trabalho em equipe, com objetivo de vincular o usu\u00e1rio ao servi\u00e7o, para possibilitarmos maior riqueza no processo de cuidar.<\/p><p style=\"margin-left: 36.0pt;\">\u2022 \u00a0 \u00a0Quanto mais pessoas, saberes e ferramentas se puserem a servi\u00e7o do cuidado, melhor. Uma equipe forte e coesa promove cuidado mais consistente, plural e integral.<\/p><p style=\"margin-left: 36.0pt;\">\u2022 \u00a0A ambi\u00eancia reflete condi\u00e7\u00f5es de dignidade, respeito e humaniza\u00e7\u00e3o, presentes no espa\u00e7o onde ocorre o atendimento.<\/p><p style=\"margin-left: 36.0pt;\">\u2022 \u00a0 \u00a0 O respeito ao usu\u00e1rio revela-se tamb\u00e9m na higiene, organiza\u00e7\u00e3o, adequa\u00e7\u00e3o e est\u00e9tica do espa\u00e7o, nas condi\u00e7\u00f5es de acomoda\u00e7\u00e3o e salubridade.<\/p><p style=\"margin-left: 36.0pt;\">\u2022 \u00a0 \u00a0 Os usu\u00e1rios se sentem respeitados e acolhidos em seu sofrimento e historia de vida.<\/p><p style=\"margin-left: 36.0pt;\">\u2022 \u00a0 \u00a0 Ajudar a reduzir danos \u00e9 aumentar as possibilidades de cuidado aos usu\u00e1rios de drogas.<\/p><p style=\"margin-left: 36.0pt;\">\u2022 \u00a0 \u00a0 Redu\u00e7\u00e3o de danos implica em interven\u00e7\u00f5es singulares, que podem envolver o uso protegido, a diminui\u00e7\u00e3o do uso da droga, a substitui\u00e7\u00e3o por subst\u00e2ncias que causem menos agravos ou at\u00e9 mesmo a abstin\u00eancia.<\/p><p style=\"margin-left: 36.0pt;\">\u2022 \u00a0 \u00a0 Nosso trabalho n\u00e3o se pauta exclusivamente na abstin\u00eancia e na prescri\u00e7\u00e3o de \u201ccomportamento adequados\u201d.<\/p><p style=\"margin-left: 36.0pt;\">\u2022 \u00a0 \u00a0Reduzir de danos \u00e9 considerar a singularidade do sujeito, valorizando sua autonomia e tra\u00e7ando plano de a\u00e7\u00e3o que priorizem sua qualidade de vida.<\/p><p style=\"margin-left: 36.0pt;\">\u2022 \u00a0 \u00a0 Pessoas usu\u00e1rias de drogas tem direito \u00e0 sa\u00fade como qualquer outra.<\/p><p style=\"margin-left: 36.0pt;\">\u2022 \u00a0 \u00a0 Onde h\u00e1 preconceito n\u00e3o h\u00e1 possibilidade de ajuda.<\/p><p style=\"margin-left: 36.0pt;\">\u2022 \u00a0 \u00a0 Os motivos que levam uma pessoa a usar ou n\u00e3o drogas s\u00e3o complexos e m\u00faltiplos. Existem aspectos individuais, familiares e coletivos envolvidos.<\/p><p style=\"margin-left: 36.0pt;\">\u2022\u00a0\u00a0\u00a0\u00a0\u00a0 Para cada tipo de uso, um tipo de cuidado.<\/p><p style=\"margin-left: 36.0pt;\">\u2022 \u00a0 \u00a0 O Caps ad II Benedita Fernandes constroem junto com a fam\u00edlia do usu\u00e1rio alternativas de mudan\u00e7a e de promo\u00e7\u00e3o dos cuidados, ajudando na compreens\u00e3o dos modos de ser, viver e conviver em fam\u00edlia.<\/p><p style=\"margin-left: 36.0pt;\">\u2022 \u00a0 \u00a0 A equipe trabalha interesses, sonhos, medos, desejos entre outros. Evita vigorosamente atitudes constrangedoras ou de julgamento moral.<\/p><p style=\"margin-left: 36.0pt;\">\u2022\u00a0\u00a0\u00a0\u00a0\u00a0 Trabalha a cidadania.<\/p><p style=\"margin-left: 36.0pt;\">\u2022\u00a0\u00a0\u00a0\u00a0\u00a0 Reafirma e defende os direitos humanos.<\/p><p style=\"margin-left: 36.0pt;\">\u2022\u00a0\u00a0\u00a0\u00a0\u00a0 Celebra os avan\u00e7os alcan\u00e7ados.<\/p><\/div><\/div>\t\t\t\t\t\t\t\t<\/div>\n\t\t\t\t<\/div>\n\t\t\t\t\t<\/div>\n\t\t\t\t<\/div>\n\t\t\t\t<\/div>\n\t\t","protected":false},"excerpt":{"rendered":"<p>CAPS ad Benedita Fernandes \u00a0 O CAPs ad Benedita Fernandes tem como Administradora a Associa\u00e7\u00e3o das Senhoras Crist\u00e3s Benedita Fernandes, em parceria da Prefeitura Municipal de Ara\u00e7atuba, por meio da Secretaria Municipal de Sa\u00fade (SMSA). Inaugurado em 28 de dezembro de 2009, \u00e9 um centro de refer\u00eancia para usu\u00e1rios de subst\u00e2ncias psicoativas. Funciona de segunda [&hellip;]<\/p>\n","protected":false},"author":2,"featured_media":0,"parent":202,"menu_order":0,"comment_status":"closed","ping_status":"closed","template":"","meta":{"footnotes":""},"class_list":["post-217","page","type-page","status-publish","hentry"],"yoast_head":"<!-- This site is optimized with the Yoast SEO Premium plugin v27.2 (Yoast SEO v27.2) - https:\/\/yoast.com\/product\/yoast-seo-premium-wordpress\/ -->\n<title>CAPS ad Benedita Fernandes - Associa\u00e7\u00e3o das Senhoras Crist\u00e3s Benedita Fernandes<\/title>\n<meta name=\"robots\" content=\"index, follow, max-snippet:-1, max-image-preview:large, max-video-preview:-1\" \/>\n<link rel=\"canonical\" href=\"https:\/\/ascbeneditafernandes.com.br\/asc\/servicos\/caps-ad-benedita-fernandes\/\" \/>\n<meta property=\"og:locale\" content=\"pt_BR\" \/>\n<meta property=\"og:type\" content=\"article\" \/>\n<meta property=\"og:title\" content=\"CAPS ad Benedita Fernandes\" \/>\n<meta property=\"og:description\" content=\"CAPS ad Benedita Fernandes \u00a0 O CAPs ad Benedita Fernandes tem como Administradora a Associa\u00e7\u00e3o das Senhoras Crist\u00e3s Benedita Fernandes, em parceria da Prefeitura Municipal de Ara\u00e7atuba, por meio da Secretaria Municipal de Sa\u00fade (SMSA). Inaugurado em 28 de dezembro de 2009, \u00e9 um centro de refer\u00eancia para usu\u00e1rios de subst\u00e2ncias psicoativas. Funciona de segunda [&hellip;]\" \/>\n<meta property=\"og:url\" content=\"https:\/\/ascbeneditafernandes.com.br\/asc\/servicos\/caps-ad-benedita-fernandes\/\" \/>\n<meta property=\"og:site_name\" content=\"Associa\u00e7\u00e3o das Senhoras Crist\u00e3s Benedita Fernandes\" \/>\n<meta property=\"article:modified_time\" content=\"2024-05-06T15:46:04+00:00\" \/>\n<meta property=\"og:image\" content=\"https:\/\/cpanel-rs-tqr-06.srx.net.br\/~ascbf\/asc\/wp-content\/uploads\/2024\/05\/capsad.jpg\" \/>\n<meta name=\"twitter:card\" content=\"summary_large_image\" \/>\n<meta name=\"twitter:label1\" content=\"Est. tempo de leitura\" \/>\n\t<meta name=\"twitter:data1\" content=\"4 minutos\" \/>\n<script type=\"application\/ld+json\" class=\"yoast-schema-graph\">{\"@context\":\"https:\/\/schema.org\",\"@graph\":[{\"@type\":\"WebPage\",\"@id\":\"https:\/\/ascbeneditafernandes.com.br\/asc\/servicos\/caps-ad-benedita-fernandes\/\",\"url\":\"https:\/\/ascbeneditafernandes.com.br\/asc\/servicos\/caps-ad-benedita-fernandes\/\",\"name\":\"CAPS ad Benedita Fernandes - Associa\u00e7\u00e3o das Senhoras Crist\u00e3s Benedita Fernandes\",\"isPartOf\":{\"@id\":\"https:\/\/ascbeneditafernandes.com.br\/asc\/#website\"},\"primaryImageOfPage\":{\"@id\":\"https:\/\/ascbeneditafernandes.com.br\/asc\/servicos\/caps-ad-benedita-fernandes\/#primaryimage\"},\"image\":{\"@id\":\"https:\/\/ascbeneditafernandes.com.br\/asc\/servicos\/caps-ad-benedita-fernandes\/#primaryimage\"},\"thumbnailUrl\":\"https:\/\/cpanel-rs-tqr-06.srx.net.br\/~ascbf\/asc\/wp-content\/uploads\/2024\/05\/capsad.jpg\",\"datePublished\":\"2024-05-06T15:43:12+00:00\",\"dateModified\":\"2024-05-06T15:46:04+00:00\",\"breadcrumb\":{\"@id\":\"https:\/\/ascbeneditafernandes.com.br\/asc\/servicos\/caps-ad-benedita-fernandes\/#breadcrumb\"},\"inLanguage\":\"pt-BR\",\"potentialAction\":[{\"@type\":\"ReadAction\",\"target\":[\"https:\/\/ascbeneditafernandes.com.br\/asc\/servicos\/caps-ad-benedita-fernandes\/\"]}]},{\"@type\":\"ImageObject\",\"inLanguage\":\"pt-BR\",\"@id\":\"https:\/\/ascbeneditafernandes.com.br\/asc\/servicos\/caps-ad-benedita-fernandes\/#primaryimage\",\"url\":\"https:\/\/cpanel-rs-tqr-06.srx.net.br\/~ascbf\/asc\/wp-content\/uploads\/2024\/05\/capsad.jpg\",\"contentUrl\":\"https:\/\/cpanel-rs-tqr-06.srx.net.br\/~ascbf\/asc\/wp-content\/uploads\/2024\/05\/capsad.jpg\"},{\"@type\":\"BreadcrumbList\",\"@id\":\"https:\/\/ascbeneditafernandes.com.br\/asc\/servicos\/caps-ad-benedita-fernandes\/#breadcrumb\",\"itemListElement\":[{\"@type\":\"ListItem\",\"position\":1,\"name\":\"In\u00edcio\",\"item\":\"https:\/\/ascbeneditafernandes.com.br\/asc\/\"},{\"@type\":\"ListItem\",\"position\":2,\"name\":\"Servi\u00e7os\",\"item\":\"https:\/\/ascbeneditafernandes.com.br\/asc\/servicos\/\"},{\"@type\":\"ListItem\",\"position\":3,\"name\":\"CAPS ad Benedita Fernandes\"}]},{\"@type\":\"WebSite\",\"@id\":\"https:\/\/ascbeneditafernandes.com.br\/asc\/#website\",\"url\":\"https:\/\/ascbeneditafernandes.com.br\/asc\/\",\"name\":\"Associa\u00e7\u00e3o das Senhoras Crist\u00e3s Benedita Fernandes\",\"description\":\"ASCBF\",\"publisher\":{\"@id\":\"https:\/\/ascbeneditafernandes.com.br\/asc\/#organization\"},\"potentialAction\":[{\"@type\":\"SearchAction\",\"target\":{\"@type\":\"EntryPoint\",\"urlTemplate\":\"https:\/\/ascbeneditafernandes.com.br\/asc\/?s={search_term_string}\"},\"query-input\":{\"@type\":\"PropertyValueSpecification\",\"valueRequired\":true,\"valueName\":\"search_term_string\"}}],\"inLanguage\":\"pt-BR\"},{\"@type\":\"Organization\",\"@id\":\"https:\/\/ascbeneditafernandes.com.br\/asc\/#organization\",\"name\":\"Associa\u00e7\u00e3o das Senhoras Crist\u00e3s Benedita Fernandes\",\"url\":\"https:\/\/ascbeneditafernandes.com.br\/asc\/\",\"logo\":{\"@type\":\"ImageObject\",\"inLanguage\":\"pt-BR\",\"@id\":\"https:\/\/ascbeneditafernandes.com.br\/asc\/#\/schema\/logo\/image\/\",\"url\":\"https:\/\/ascbeneditafernandes.com.br\/asc\/wp-content\/uploads\/2024\/04\/logo-ascbf.png\",\"contentUrl\":\"https:\/\/ascbeneditafernandes.com.br\/asc\/wp-content\/uploads\/2024\/04\/logo-ascbf.png\",\"width\":804,\"height\":110,\"caption\":\"Associa\u00e7\u00e3o das Senhoras Crist\u00e3s Benedita Fernandes\"},\"image\":{\"@id\":\"https:\/\/ascbeneditafernandes.com.br\/asc\/#\/schema\/logo\/image\/\"}}]}<\/script>\n<!-- \/ Yoast SEO Premium plugin. -->","yoast_head_json":{"title":"CAPS ad Benedita Fernandes - Associa\u00e7\u00e3o das Senhoras Crist\u00e3s Benedita Fernandes","robots":{"index":"index","follow":"follow","max-snippet":"max-snippet:-1","max-image-preview":"max-image-preview:large","max-video-preview":"max-video-preview:-1"},"canonical":"https:\/\/ascbeneditafernandes.com.br\/asc\/servicos\/caps-ad-benedita-fernandes\/","og_locale":"pt_BR","og_type":"article","og_title":"CAPS ad Benedita Fernandes","og_description":"CAPS ad Benedita Fernandes \u00a0 O CAPs ad Benedita Fernandes tem como Administradora a Associa\u00e7\u00e3o das Senhoras Crist\u00e3s Benedita Fernandes, em parceria da Prefeitura Municipal de Ara\u00e7atuba, por meio da Secretaria Municipal de Sa\u00fade (SMSA). Inaugurado em 28 de dezembro de 2009, \u00e9 um centro de refer\u00eancia para usu\u00e1rios de subst\u00e2ncias psicoativas. Funciona de segunda [&hellip;]","og_url":"https:\/\/ascbeneditafernandes.com.br\/asc\/servicos\/caps-ad-benedita-fernandes\/","og_site_name":"Associa\u00e7\u00e3o das Senhoras Crist\u00e3s Benedita Fernandes","article_modified_time":"2024-05-06T15:46:04+00:00","og_image":[{"url":"https:\/\/cpanel-rs-tqr-06.srx.net.br\/~ascbf\/asc\/wp-content\/uploads\/2024\/05\/capsad.jpg","type":"","width":"","height":""}],"twitter_card":"summary_large_image","twitter_misc":{"Est. tempo de leitura":"4 minutos"},"schema":{"@context":"https:\/\/schema.org","@graph":[{"@type":"WebPage","@id":"https:\/\/ascbeneditafernandes.com.br\/asc\/servicos\/caps-ad-benedita-fernandes\/","url":"https:\/\/ascbeneditafernandes.com.br\/asc\/servicos\/caps-ad-benedita-fernandes\/","name":"CAPS ad Benedita Fernandes - Associa\u00e7\u00e3o das Senhoras Crist\u00e3s Benedita Fernandes","isPartOf":{"@id":"https:\/\/ascbeneditafernandes.com.br\/asc\/#website"},"primaryImageOfPage":{"@id":"https:\/\/ascbeneditafernandes.com.br\/asc\/servicos\/caps-ad-benedita-fernandes\/#primaryimage"},"image":{"@id":"https:\/\/ascbeneditafernandes.com.br\/asc\/servicos\/caps-ad-benedita-fernandes\/#primaryimage"},"thumbnailUrl":"https:\/\/cpanel-rs-tqr-06.srx.net.br\/~ascbf\/asc\/wp-content\/uploads\/2024\/05\/capsad.jpg","datePublished":"2024-05-06T15:43:12+00:00","dateModified":"2024-05-06T15:46:04+00:00","breadcrumb":{"@id":"https:\/\/ascbeneditafernandes.com.br\/asc\/servicos\/caps-ad-benedita-fernandes\/#breadcrumb"},"inLanguage":"pt-BR","potentialAction":[{"@type":"ReadAction","target":["https:\/\/ascbeneditafernandes.com.br\/asc\/servicos\/caps-ad-benedita-fernandes\/"]}]},{"@type":"ImageObject","inLanguage":"pt-BR","@id":"https:\/\/ascbeneditafernandes.com.br\/asc\/servicos\/caps-ad-benedita-fernandes\/#primaryimage","url":"https:\/\/cpanel-rs-tqr-06.srx.net.br\/~ascbf\/asc\/wp-content\/uploads\/2024\/05\/capsad.jpg","contentUrl":"https:\/\/cpanel-rs-tqr-06.srx.net.br\/~ascbf\/asc\/wp-content\/uploads\/2024\/05\/capsad.jpg"},{"@type":"BreadcrumbList","@id":"https:\/\/ascbeneditafernandes.com.br\/asc\/servicos\/caps-ad-benedita-fernandes\/#breadcrumb","itemListElement":[{"@type":"ListItem","position":1,"name":"In\u00edcio","item":"https:\/\/ascbeneditafernandes.com.br\/asc\/"},{"@type":"ListItem","position":2,"name":"Servi\u00e7os","item":"https:\/\/ascbeneditafernandes.com.br\/asc\/servicos\/"},{"@type":"ListItem","position":3,"name":"CAPS ad Benedita Fernandes"}]},{"@type":"WebSite","@id":"https:\/\/ascbeneditafernandes.com.br\/asc\/#website","url":"https:\/\/ascbeneditafernandes.com.br\/asc\/","name":"Associa\u00e7\u00e3o das Senhoras Crist\u00e3s Benedita Fernandes","description":"ASCBF","publisher":{"@id":"https:\/\/ascbeneditafernandes.com.br\/asc\/#organization"},"potentialAction":[{"@type":"SearchAction","target":{"@type":"EntryPoint","urlTemplate":"https:\/\/ascbeneditafernandes.com.br\/asc\/?s={search_term_string}"},"query-input":{"@type":"PropertyValueSpecification","valueRequired":true,"valueName":"search_term_string"}}],"inLanguage":"pt-BR"},{"@type":"Organization","@id":"https:\/\/ascbeneditafernandes.com.br\/asc\/#organization","name":"Associa\u00e7\u00e3o das Senhoras Crist\u00e3s Benedita Fernandes","url":"https:\/\/ascbeneditafernandes.com.br\/asc\/","logo":{"@type":"ImageObject","inLanguage":"pt-BR","@id":"https:\/\/ascbeneditafernandes.com.br\/asc\/#\/schema\/logo\/image\/","url":"https:\/\/ascbeneditafernandes.com.br\/asc\/wp-content\/uploads\/2024\/04\/logo-ascbf.png","contentUrl":"https:\/\/ascbeneditafernandes.com.br\/asc\/wp-content\/uploads\/2024\/04\/logo-ascbf.png","width":804,"height":110,"caption":"Associa\u00e7\u00e3o das Senhoras Crist\u00e3s Benedita Fernandes"},"image":{"@id":"https:\/\/ascbeneditafernandes.com.br\/asc\/#\/schema\/logo\/image\/"}}]}},"_links":{"self":[{"href":"https:\/\/ascbeneditafernandes.com.br\/asc\/wp-json\/wp\/v2\/pages\/217","targetHints":{"allow":["GET"]}}],"collection":[{"href":"https:\/\/ascbeneditafernandes.com.br\/asc\/wp-json\/wp\/v2\/pages"}],"about":[{"href":"https:\/\/ascbeneditafernandes.com.br\/asc\/wp-json\/wp\/v2\/types\/page"}],"author":[{"embeddable":true,"href":"https:\/\/ascbeneditafernandes.com.br\/asc\/wp-json\/wp\/v2\/users\/2"}],"replies":[{"embeddable":true,"href":"https:\/\/ascbeneditafernandes.com.br\/asc\/wp-json\/wp\/v2\/comments?post=217"}],"version-history":[{"count":3,"href":"https:\/\/ascbeneditafernandes.com.br\/asc\/wp-json\/wp\/v2\/pages\/217\/revisions"}],"predecessor-version":[{"id":221,"href":"https:\/\/ascbeneditafernandes.com.br\/asc\/wp-json\/wp\/v2\/pages\/217\/revisions\/221"}],"up":[{"embeddable":true,"href":"https:\/\/ascbeneditafernandes.com.br\/asc\/wp-json\/wp\/v2\/pages\/202"}],"wp:attachment":[{"href":"https:\/\/ascbeneditafernandes.com.br\/asc\/wp-json\/wp\/v2\/media?parent=217"}],"curies":[{"name":"wp","href":"https:\/\/api.w.org\/{rel}","templated":true}]}}